{"id":16,"date":"2020-05-05T16:06:11","date_gmt":"2020-05-05T14:06:11","guid":{"rendered":"http:\/\/www.radiokalon.fr\/?page_id=16"},"modified":"2020-06-02T15:31:51","modified_gmt":"2020-06-02T13:31:51","slug":"philosophie","status":"publish","type":"page","link":"https:\/\/radiokalon.com\/index.php\/philosophie\/","title":{"rendered":"Philosophie"},"content":{"rendered":"\n<p>Radio Kalon est une radio \u00e0 finalit\u00e9 d\u2019insertion sociale et professionnelle de publics d\u00e9munis en Bretagne. <\/p>\n\n\n\n<figure class=\"wp-block-image size-large\"><img loading=\"lazy\" decoding=\"async\" width=\"1024\" height=\"655\" src=\"https:\/\/radiokalon-wp.kaz.bzh\/wp-content\/uploads\/2020\/05\/logo-Radio-Kalon-png-1024x655.png\" alt=\"\" class=\"wp-image-5\"\/><\/figure>\n\n\n\n<p>Kalon signifie c\u0153ur, courage en Breton. N\u00e9e de l\u2019id\u00e9e d\u2019associer radio associative et entreprise d\u2019insertion, Radio Kalon participe \u00e0 l\u2019insertion sociale de publics divers \u00e0 travers des ateliers radio, des \u00e9missions radio, des reportages, des t\u00e9moignages\u2026.<\/p>\n\n\n\n<p>La radio est anim\u00e9e au quotidien par les personnes b\u00e9n\u00e9ficiaires et est \u00e0 destination du grand public.\u00a0<\/p>\n\n\n\n<p>L\u2019impact social est ainsi double :<\/p>\n\n\n\n<ul class=\"wp-block-list\"><li>pour les personnes b\u00e9n\u00e9ficiaires, cela contribue \u00e0 redonner confiance et \u00e0 se r\u00e9ins\u00e9rer dans la soci\u00e9t\u00e9, collaborer en dynamique de groupe et projet, lib\u00e9rer la parole\u2026<\/li><li>vis-\u00e0-vis de l\u2019ext\u00e9rieur ; permettre de mieux connaitre les conditions de vie, encourager des comportements sociaux, aider d\u2019autres auditeurs\u2026<\/li><\/ul>\n","protected":false},"excerpt":{"rendered":"<p>Radio Kalon est une radio \u00e0 finalit\u00e9 d\u2019insertion sociale et professionnelle de publics d\u00e9munis en Bretagne. Kalon signifie c\u0153ur, courage en Breton. N\u00e9e de l\u2019id\u00e9e d\u2019associer radio associative et entreprise d\u2019insertion, Radio Kalon participe \u00e0 l\u2019insertion sociale de publics divers \u00e0 travers des ateliers radio, des \u00e9missions radio, des reportages, des t\u00e9moignages\u2026. La radio est [&hellip;]<\/p>\n","protected":false},"author":1,"featured_media":0,"parent":0,"menu_order":0,"comment_status":"closed","ping_status":"closed","template":"","meta":{"footnotes":""},"class_list":["post-16","page","type-page","status-publish","hentry"],"_links":{"self":[{"href":"https:\/\/radiokalon.com\/index.php\/wp-json\/wp\/v2\/pages\/16","targetHints":{"allow":["GET"]}}],"collection":[{"href":"https:\/\/radiokalon.com\/index.php\/wp-json\/wp\/v2\/pages"}],"about":[{"href":"https:\/\/radiokalon.com\/index.php\/wp-json\/wp\/v2\/types\/page"}],"author":[{"embeddable":true,"href":"https:\/\/radiokalon.com\/index.php\/wp-json\/wp\/v2\/users\/1"}],"replies":[{"embeddable":true,"href":"https:\/\/radiokalon.com\/index.php\/wp-json\/wp\/v2\/comments?post=16"}],"version-history":[{"count":3,"href":"https:\/\/radiokalon.com\/index.php\/wp-json\/wp\/v2\/pages\/16\/revisions"}],"predecessor-version":[{"id":115,"href":"https:\/\/radiokalon.com\/index.php\/wp-json\/wp\/v2\/pages\/16\/revisions\/115"}],"wp:attachment":[{"href":"https:\/\/radiokalon.com\/index.php\/wp-json\/wp\/v2\/media?parent=16"}],"curies":[{"name":"wp","href":"https:\/\/api.w.org\/{rel}","templated":true}]}}