{"id":32,"date":"2020-05-05T16:10:51","date_gmt":"2020-05-05T14:10:51","guid":{"rendered":"http:\/\/www.radiokalon.fr\/?page_id=32"},"modified":"2023-11-27T10:03:19","modified_gmt":"2023-11-27T09:03:19","slug":"nous-soutenir","status":"publish","type":"page","link":"https:\/\/radiokalon.com\/index.php\/nous-soutenir\/","title":{"rendered":"Nos Projets"},"content":{"rendered":"\n<p><\/p>\n\n\n\n<h2 class=\"wp-block-heading\">Le Projet PODCAST INC<\/h2>\n\n\n\n<figure class=\"wp-block-image\"><img decoding=\"async\" src=\"https:\/\/static.wixstatic.com\/media\/afbed2_afcf778c80904d6eb709a20c4c539bcf~mv2.png\/v1\/fill\/w_221,h_110,al_c,q_85,usm_0.66_1.00_0.01,enc_auto\/Podcast_logo-removebg-preview.png\" alt=\"Podcast_logo-removebg-preview.png\"\/><\/figure>\n\n\n\n<p><br><strong>PODCAST POUR L&#8217; INCLUSION&nbsp;<\/strong><\/p>\n\n\n\n<p>\u200b<\/p>\n\n\n\n<p>Le Projet Europ\u00e9en Podcast_Inc rassemble trois organisations qui sont African Media Association Malta (MALTE), Share Radio (ITALIE) et Radio Kalon (FRANCE). Soutenu par le programme Erasmus+, il vise \u00e0 permettre \u00e0 des jeunes locaux et migrants de devenir cr\u00e9ateurs de contenu audio \u00e0 travers la r\u00e9alisation de podcasts autour des articles de la D\u00e9claration Universelle des Droits de l&#8217;Homme. Ce projet leur fournit ainsi des outils pour porter leur voix et d\u00e9fendre leurs droits au quotidien. <\/p>\n\n\n\n<p>Ainsi, les jeunes ont \u00e9t\u00e9 amen\u00e9s \u00e0 suivre cinq modules de formation :<\/p>\n\n\n\n<p>-D\u00e9veloppement de l&#8217;esprit critique<\/p>\n\n\n\n<p>-Journalisme Citoyen<\/p>\n\n\n\n<p>-r\u00e9aliser un podcast<\/p>\n\n\n\n<p>-monter le podcatst<\/p>\n\n\n\n<p>-publier et promouvoir le podcast<\/p>\n\n\n\n<p><\/p>\n\n\n\n<p><strong><strong>Les manuels\u00a0de formation sont disponibles en t\u00e9l\u00e9chargements\u00a0ci-dessous <em>(cliquez sur la langue correspondante<\/em><\/strong>) :<\/strong><\/p>\n\n\n\n<p>Arabe (<strong><a href=\"https:\/\/www.africanmediamalta.com\/_files\/ugd\/afbed2_b8e72cfaecad46de8a8098a6a7ced725.pdf\" target=\"_blank\" rel=\"noreferrer noopener\">Arabic<\/a><\/strong>)<\/p>\n\n\n\n<p>Fran\u00e7ais (<strong><a href=\"https:\/\/www.africanmediamalta.com\/_files\/ugd\/afbed2_fc0deb026b9e404cba98ddce5df11bd4.pdf\" target=\"_blank\" rel=\"noreferrer noopener\">French<\/a><\/strong>)<\/p>\n\n\n\n<p>Anglais (<strong><a href=\"https:\/\/www.africanmediamalta.com\/_files\/ugd\/afbed2_68f1cbb85d524e1a9f456dc202d8bebf.pdf\" target=\"_blank\" rel=\"noreferrer noopener\">English<\/a><\/strong>)<\/p>\n\n\n\n<p>Italien (<strong><a href=\"https:\/\/www.africanmediamalta.com\/_files\/ugd\/afbed2_de15463fbca64246bdc1724c48dd5edc.pdf\" target=\"_blank\" rel=\"noreferrer noopener\">Italian<\/a>)<\/strong><\/p>\n","protected":false},"excerpt":{"rendered":"<p>Le Projet PODCAST INC PODCAST POUR L&#8217; INCLUSION&nbsp; \u200b Le Projet Europ\u00e9en Podcast_Inc rassemble trois organisations qui sont African Media Association Malta (MALTE), Share Radio (ITALIE) et Radio Kalon (FRANCE). Soutenu par le programme Erasmus+, il vise \u00e0 permettre \u00e0 des jeunes locaux et migrants de devenir cr\u00e9ateurs de contenu audio \u00e0 travers la r\u00e9alisation [&hellip;]<\/p>\n","protected":false},"author":1,"featured_media":0,"parent":0,"menu_order":0,"comment_status":"closed","ping_status":"closed","template":"","meta":{"footnotes":""},"class_list":["post-32","page","type-page","status-publish","hentry"],"_links":{"self":[{"href":"https:\/\/radiokalon.com\/index.php\/wp-json\/wp\/v2\/pages\/32","targetHints":{"allow":["GET"]}}],"collection":[{"href":"https:\/\/radiokalon.com\/index.php\/wp-json\/wp\/v2\/pages"}],"about":[{"href":"https:\/\/radiokalon.com\/index.php\/wp-json\/wp\/v2\/types\/page"}],"author":[{"embeddable":true,"href":"https:\/\/radiokalon.com\/index.php\/wp-json\/wp\/v2\/users\/1"}],"replies":[{"embeddable":true,"href":"https:\/\/radiokalon.com\/index.php\/wp-json\/wp\/v2\/comments?post=32"}],"version-history":[{"count":9,"href":"https:\/\/radiokalon.com\/index.php\/wp-json\/wp\/v2\/pages\/32\/revisions"}],"predecessor-version":[{"id":2224,"href":"https:\/\/radiokalon.com\/index.php\/wp-json\/wp\/v2\/pages\/32\/revisions\/2224"}],"wp:attachment":[{"href":"https:\/\/radiokalon.com\/index.php\/wp-json\/wp\/v2\/media?parent=32"}],"curies":[{"name":"wp","href":"https:\/\/api.w.org\/{rel}","templated":true}]}}